{"version":"1.0","provider_name":"NUCLEI Hauts-de-France","provider_url":"https:\/\/preprodevent.hauts-de-france.cci.fr\/nuclei","title":"Une alliance A\u00e9ronautique - Nucl\u00e9aire - NUCLEI Hauts-de-France","type":"rich","width":600,"height":338,"html":"<blockquote class=\"wp-embedded-content\" data-secret=\"vDgBbPcluy\"><a href=\"https:\/\/preprodevent.hauts-de-france.cci.fr\/nuclei\/une-alliance-aeronautique-nucleaire\/\">Une alliance A\u00e9ronautique &#8211; Nucl\u00e9aire<\/a><\/blockquote><iframe sandbox=\"allow-scripts\" security=\"restricted\" src=\"https:\/\/preprodevent.hauts-de-france.cci.fr\/nuclei\/une-alliance-aeronautique-nucleaire\/embed\/#?secret=vDgBbPcluy\" width=\"600\" height=\"338\" title=\"\u00ab\u00a0Une alliance A\u00e9ronautique &#8211; Nucl\u00e9aire\u00a0\u00bb &#8212; NUCLEI Hauts-de-France\" data-secret=\"vDgBbPcluy\" frameborder=\"0\" marginwidth=\"0\" marginheight=\"0\" scrolling=\"no\" class=\"wp-embedded-content\"><\/iframe><script type=\"text\/javascript\">\n\/*! This file is auto-generated *\/\n!function(c,d){\"use strict\";var e=!1,o=!1;if(d.querySelector)if(c.addEventListener)e=!0;if(c.wp=c.wp||{},c.wp.receiveEmbedMessage);else if(c.wp.receiveEmbedMessage=function(e){var t=e.data;if(!t);else if(!(t.secret||t.message||t.value));else if(\/[^a-zA-Z0-9]\/.test(t.secret));else{for(var r,s,a,i=d.querySelectorAll('iframe[data-secret=\"'+t.secret+'\"]'),n=d.querySelectorAll('blockquote[data-secret=\"'+t.secret+'\"]'),o=new RegExp(\"^https?:$\",\"i\"),l=0;l<n.length;l++)n[l].style.display=\"none\";for(l=0;l<i.length;l++)if(r=i[l],e.source!==r.contentWindow);else{if(r.removeAttribute(\"style\"),\"height\"===t.message){if(1e3<(s=parseInt(t.value,10)))s=1e3;else if(~~s<200)s=200;r.height=s}if(\"link\"===t.message)if(s=d.createElement(\"a\"),a=d.createElement(\"a\"),s.href=r.getAttribute(\"src\"),a.href=t.value,!o.test(a.protocol));else if(a.host===s.host)if(d.activeElement===r)c.top.location.href=t.value}}},e)c.addEventListener(\"message\",c.wp.receiveEmbedMessage,!1),d.addEventListener(\"DOMContentLoaded\",t,!1),c.addEventListener(\"load\",t,!1);function t(){if(o);else{o=!0;for(var e,t,r,s=-1!==navigator.appVersion.indexOf(\"MSIE 10\"),a=!!navigator.userAgent.match(\/Trident.*rv:11\\.\/),i=d.querySelectorAll(\"iframe.wp-embedded-content\"),n=0;n<i.length;n++){if(!(r=(t=i[n]).getAttribute(\"data-secret\")))r=Math.random().toString(36).substr(2,10),t.src+=\"#?secret=\"+r,t.setAttribute(\"data-secret\",r);if(s||a)(e=t.cloneNode(!0)).removeAttribute(\"security\"),t.parentNode.replaceChild(e,t);t.contentWindow.postMessage({message:\"ready\",secret:r},\"*\")}}}}(window,document);\n<\/script>\n","thumbnail_url":"https:\/\/preprodevent.hauts-de-france.cci.fr\/nuclei\/wp-content\/uploads\/sites\/81\/2021\/02\/EDF-Carre.png","thumbnail_width":552,"thumbnail_height":535,"description":"Le secteur de l\u2019a\u00e9ronautique est durement touch\u00e9 par les cons\u00e9quences de la crise sanitaire. Dans ces conditions, un \u00abchallenge a\u00e9ronautique\u00bb invitant les secteurs industriels en meilleure sant\u00e9 \u00e0 contribuer aux PSE de l\u2019industrie a\u00e9ronautique a \u00e9t\u00e9 d\u00e9velopp\u00e9: de premiers contacts ont eu lieu d\u00e8s l\u2019\u00e9t\u00e9 entre la branche de l\u2019a\u00e9ronautique et le Groupe EDF. En effet, le groupe EDF, impact\u00e9 par la crise mais dans une bien moindre mesure, conserve [&hellip;]"}